{"id":7899,"date":"2025-09-08T13:57:30","date_gmt":"2025-09-08T13:57:30","guid":{"rendered":"https:\/\/elmaspatent.com\/hizmet\/trademark-valuation\/"},"modified":"2025-09-08T13:57:30","modified_gmt":"2025-09-08T13:57:30","slug":"trademark-valuation","status":"publish","type":"hizmet","link":"https:\/\/elmaspatent.com\/en\/hizmet\/trademark-valuation\/","title":{"rendered":"Trademark Valuation"},"content":{"rendered":"<div class=\"elementor-element elementor-element-3e01d237 elementor-widget elementor-widget-heading\" data-id=\"3e01d237\" data-element_type=\"widget\" data-widget_type=\"heading.default\">\n<div class=\"elementor-widget-container\">\n<h2 class=\"elementor-heading-title elementor-size-default\">Marka De\u011ferleme<\/h2>\n<\/div>\n<\/div>\n<div class=\"elementor-element elementor-element-8a07bf1 elementor-widget elementor-widget-heading\" data-id=\"8a07bf1\" data-element_type=\"widget\" data-widget_type=\"heading.default\">\n<div class=\"elementor-widget-container\">\n<h3 class=\"elementor-heading-title elementor-size-default\">Marka De\u011ferleme Hizmetleri<\/h3>\n<\/div>\n<\/div>\n<div class=\"elementor-element elementor-element-f969032 elementor-widget elementor-widget-text-editor\" data-id=\"f969032\" data-element_type=\"widget\" data-widget_type=\"text-editor.default\">\n<div class=\"elementor-widget-container\">\n<p><strong>Marka de\u011ferleme<\/strong>, kurulu\u015flar taraf\u0131ndan s\u0131k\u00e7a tercih edilen ve markalar\u0131n de\u011ferlerinin saptanmas\u0131n\u0131 hedefleyen bir dizi i\u015flemin genel ad\u0131d\u0131r. Zaman ge\u00e7tik\u00e7e markalar\u0131n de\u011ferleri de\u011fi\u015fir ve kimi zaman da kimli\u011fini olu\u015fturdu\u011fu kurulu\u015ftan \u00e7ok daha b\u00fcy\u00fck maddi de\u011fere sahip olabilir.<\/p>\n<\/div>\n<\/div>\n<div class=\"elementor-element elementor-element-56a41a8 elementor-widget elementor-widget-heading\" data-id=\"56a41a8\" data-element_type=\"widget\" data-widget_type=\"heading.default\">\n<div class=\"elementor-widget-container\">\n<h3 class=\"elementor-heading-title elementor-size-default\">Marka De\u011ferleme Neden Yapt\u0131r\u0131l\u0131r?<\/h3>\n<\/div>\n<\/div>\n<div class=\"elementor-element elementor-element-af06b14 elementor-widget elementor-widget-text-editor\" data-id=\"af06b14\" data-element_type=\"widget\" data-widget_type=\"text-editor.default\">\n<div class=\"elementor-widget-container\">\n<p><strong>Marka de\u011ferleme<\/strong>\u00a0hizmetlerinin yapt\u0131r\u0131lmas\u0131n\u0131n bir\u00e7ok nedeni olabilir. Kurulu\u015flar marka de\u011ferleri hakk\u0131nda bilgi sahibi olarak \u00e7ok daha etkin stratejiler ve yol haritalar\u0131 \u00e7\u0131karmaktad\u0131r. B\u00f6ylece kurulu\u015fun ve marka kimli\u011finin do\u011fru kullan\u0131larak ad\u0131mlar at\u0131lmas\u0131 sa\u011flanabilir. Peki\u00a0<strong>Marka de\u011ferleme neden yapt\u0131r\u0131l\u0131r? Marka de\u011ferleme yapt\u0131r\u0131l\u0131rken dikkat edilmesi gerekenler nelerdir?<\/strong><\/p>\n<p>Kurulu\u015flar\u0131n marka de\u011ferleme yapt\u0131rmas\u0131nda birden fazla ama\u00e7 olabilir. Bu ama\u00e7lardan baz\u0131lar\u0131 a\u015fa\u011f\u0131daki gibidir;<\/p>\n<ul>\n<li>Kurulu\u015f baz\u0131nda marka kimli\u011fi olu\u015fturarak yapt\u0131\u011f\u0131n\u0131z yat\u0131r\u0131m\u0131n de\u011ferini \u00f6\u011frenmek istiyorsan\u0131z marka de\u011ferleme yapt\u0131rman\u0131z gerekir. Markan\u0131z\u0131n de\u011ferinin art\u0131p artmad\u0131\u011f\u0131n\u0131 g\u00f6rmek yat\u0131r\u0131mlar\u0131n\u0131z\u0131 ne y\u00f6nde yapman\u0131z gerekti\u011fi hususunda size yol g\u00f6sterici olabilir.<\/li>\n<li>Bir\u00e7ok kurulu\u015f i\u00e7inde bir ortakl\u0131k s\u00f6z konusu oldu\u011funda marka de\u011ferleme yapt\u0131r\u0131l\u0131r. Bunun en temel nedeni kurulu\u015f sahibinin ortakl\u0131k kurarken do\u011fru bir pazarl\u0131k yapabilmesine olanak sa\u011flamakt\u0131r. Marka de\u011ferinin bilinmesi kurulu\u015f sahibinin ortakl\u0131k konusundaki tavr\u0131 \u00fczerinde belirleyici bir fakt\u00f6rd\u00fcr.<\/li>\n<li>Kurulu\u015f sat\u0131\u015fa \u00e7\u0131kar\u0131lmak istendi\u011finde marka de\u011ferleme yapt\u0131r\u0131l\u0131r. Bunun nedeni markan\u0131n kurulu\u015fla birlikte var olmas\u0131 ve kurulu\u015fun sat\u0131l\u0131rken marka de\u011ferinin de buna dahil ediliyor olmas\u0131d\u0131r. Marka de\u011ferinin do\u011fru bir \u015fekilde saptanmas\u0131 kurulu\u015fun sat\u0131\u015f de\u011ferini de etkileyecektir.<\/li>\n<li>Kurulu\u015flar kendilerine sponsor bulmak i\u00e7in marka de\u011ferini kullan\u0131r. Sponsorlar marka de\u011feri y\u00fcksek olan kurulu\u015flara sponsorluk yapmay\u0131 tercih etti\u011fi i\u00e7in marka de\u011ferini ortaya koymak kurulu\u015flar i\u00e7in gerekli bir uygulamad\u0131r.<\/li>\n<li>Bir\u00e7ok kurulu\u015f kredi \u00e7ekmek istedi\u011finde marka de\u011ferleme yapt\u0131r\u0131r. Kurulu\u015flara kredi verilirken bir\u00e7ok hususa dikkat edilir. Bu hususlardan biri de kurulu\u015fun sahip oldu\u011fu marka de\u011feridir. Kredi \u00e7ekilmek istendi\u011finde marka de\u011ferinin ortaya konmas\u0131 kredi \u00e7ekmek i\u00e7in teminat g\u00f6stermenize benzer. Marka de\u011ferinin teminat olarak g\u00f6sterilmesi i\u015flemi kredi \u00e7ekerken s\u0131kl\u0131kla kullan\u0131lan y\u00f6ntemlerden biridir.<\/li>\n<\/ul>\n<\/div>\n<\/div>\n<div class=\"elementor-element elementor-element-60b5dec elementor-widget elementor-widget-heading\" data-id=\"60b5dec\" data-element_type=\"widget\" data-widget_type=\"heading.default\">\n<div class=\"elementor-widget-container\">\n<h3 class=\"elementor-heading-title elementor-size-default\">Marka De\u011ferleme Yapt\u0131r\u0131l\u0131rken Dikkat Edilmesi Gerekenler<\/h3>\n<\/div>\n<\/div>\n<div class=\"elementor-element elementor-element-7fc419e elementor-widget elementor-widget-text-editor\" data-id=\"7fc419e\" data-element_type=\"widget\" data-widget_type=\"text-editor.default\">\n<div class=\"elementor-widget-container\">\n<p><strong>Marka de\u011ferleme<\/strong>\u00a0yapt\u0131r\u0131l\u0131rken dikkat edilmesi gereken bir\u00e7ok husus bulunmaktad\u0131r. \u00d6ncelikle kurulu\u015flar marka de\u011ferleme i\u015flemlerini kime yapt\u0131racaklar\u0131 konusunda do\u011fru karar vermelidir. Marka de\u011ferleme yapt\u0131rd\u0131\u011f\u0131n\u0131z kurum sizin i\u00e7in referans kurum olarak g\u00f6r\u00fcn\u00fcr. Bu nedenle marka de\u011ferleme yapan kurumun uluslararas\u0131 ba\u011flamda kabul g\u00f6rm\u00fc\u015f de\u011ferleme \u00f6l\u00e7\u00fctlerini kullanmas\u0131 gerekir.<\/p>\n<p><strong>Elmas Patent marka de\u011ferleme<\/strong>\u00a0b\u00fcnyesinde verdi\u011fi t\u00fcm hizmetleri tecr\u00fcbeli ve alan\u0131nda uzman \u00e7al\u0131\u015fanlar\u0131 ile vermektedir. Bununla birlikte marka de\u011ferleme yap\u0131l\u0131rken uluslararas\u0131 ba\u011flamda kabul g\u00f6rm\u00fc\u015f de\u011ferlendirme \u00f6l\u00e7ekleri kullanarak markan\u0131z\u0131n de\u011ferini tam olarak saptamaktad\u0131r. Profesyonel hizmet anlay\u0131\u015f\u0131 ile m\u00fc\u015fteri memnuniyetini \u00f6nceleyen Elmas Patent ile marka de\u011ferleme i\u015flemlerini g\u00f6n\u00fcl rahatl\u0131\u011f\u0131 ile yapt\u0131r\u0131n.<\/p>\n<p>Marka de\u011ferleme hizmetleri hakk\u0131nda bilgi almak ve merak ettikleriniz hakk\u0131nda bilgi almak i\u00e7in online destek hatt\u0131m\u0131zdan faydalanabilir ya da do\u011frudan WhatsApp destek hatt\u0131m\u0131za ula\u015fabilirsiniz.<\/p>\n<\/div>\n<\/div>\n<div class=\"elementor-element elementor-element-461cd666 elementor-widget elementor-widget-spacer\" data-id=\"461cd666\" data-element_type=\"widget\" data-widget_type=\"spacer.default\">\n<div class=\"elementor-widget-container\">\n<div class=\"elementor-spacer\"><\/div>\n<\/div>\n<\/div>\n","protected":false},"featured_media":7188,"template":"","hizmet-kategori":[133],"class_list":["post-7899","hizmet","type-hizmet","status-publish","has-post-thumbnail","hentry","hizmet-kategori-trademarks"],"acf":[],"yoast_head":"<!-- This site is optimized with the Yoast SEO plugin v27.0 - https:\/\/yoast.com\/product\/yoast-seo-wordpress\/ -->\n<title>Trademark Valuation - Elmas Patent<\/title>\n<meta name=\"robots\" content=\"index, follow, max-snippet:-1, max-image-preview:large, max-video-preview:-1\" \/>\n<link rel=\"canonical\" href=\"https:\/\/elmaspatent.com\/en\/hizmet\/trademark-valuation\/\" \/>\n<meta property=\"og:locale\" content=\"en_US\" \/>\n<meta property=\"og:type\" content=\"article\" \/>\n<meta property=\"og:title\" content=\"Trademark Valuation - Elmas Patent\" \/>\n<meta property=\"og:description\" content=\"Marka De\u011ferleme Marka De\u011ferleme Hizmetleri Marka de\u011ferleme, kurulu\u015flar taraf\u0131ndan s\u0131k\u00e7a tercih edilen ve markalar\u0131n de\u011ferlerinin saptanmas\u0131n\u0131 hedefleyen bir dizi i\u015flemin genel ad\u0131d\u0131r. Zaman ge\u00e7tik\u00e7e markalar\u0131n de\u011ferleri de\u011fi\u015fir ve kimi zaman da kimli\u011fini olu\u015fturdu\u011fu kurulu\u015ftan \u00e7ok daha b\u00fcy\u00fck maddi de\u011fere sahip olabilir. Marka De\u011ferleme Neden Yapt\u0131r\u0131l\u0131r? Marka de\u011ferleme\u00a0hizmetlerinin yapt\u0131r\u0131lmas\u0131n\u0131n bir\u00e7ok nedeni olabilir. Kurulu\u015flar marka de\u011ferleri hakk\u0131nda...\" \/>\n<meta property=\"og:url\" content=\"https:\/\/elmaspatent.com\/en\/hizmet\/trademark-valuation\/\" \/>\n<meta property=\"og:site_name\" content=\"Elmas Patent\" \/>\n<meta property=\"og:image\" content=\"https:\/\/elmaspatent.com\/wp-content\/uploads\/2025\/09\/marka-degerleme.jpg\" \/>\n\t<meta property=\"og:image:width\" content=\"1550\" \/>\n\t<meta property=\"og:image:height\" content=\"900\" \/>\n\t<meta property=\"og:image:type\" content=\"image\/jpeg\" \/>\n<meta name=\"twitter:card\" content=\"summary_large_image\" \/>\n<meta name=\"twitter:label1\" content=\"Est. reading time\" \/>\n\t<meta name=\"twitter:data1\" content=\"3 minutes\" \/>\n<script type=\"application\/ld+json\" class=\"yoast-schema-graph\">{\"@context\":\"https:\/\/schema.org\",\"@graph\":[{\"@type\":\"WebPage\",\"@id\":\"https:\/\/elmaspatent.com\/en\/hizmet\/trademark-valuation\/\",\"url\":\"https:\/\/elmaspatent.com\/en\/hizmet\/trademark-valuation\/\",\"name\":\"Trademark Valuation - Elmas Patent\",\"isPartOf\":{\"@id\":\"https:\/\/elmaspatent.com\/en\/#website\"},\"primaryImageOfPage\":{\"@id\":\"https:\/\/elmaspatent.com\/en\/hizmet\/trademark-valuation\/#primaryimage\"},\"image\":{\"@id\":\"https:\/\/elmaspatent.com\/en\/hizmet\/trademark-valuation\/#primaryimage\"},\"thumbnailUrl\":\"https:\/\/elmaspatent.com\/wp-content\/uploads\/2025\/09\/marka-degerleme.jpg\",\"datePublished\":\"2025-09-08T13:57:30+00:00\",\"breadcrumb\":{\"@id\":\"https:\/\/elmaspatent.com\/en\/hizmet\/trademark-valuation\/#breadcrumb\"},\"inLanguage\":\"en-US\",\"potentialAction\":[{\"@type\":\"ReadAction\",\"target\":[\"https:\/\/elmaspatent.com\/en\/hizmet\/trademark-valuation\/\"]}]},{\"@type\":\"ImageObject\",\"inLanguage\":\"en-US\",\"@id\":\"https:\/\/elmaspatent.com\/en\/hizmet\/trademark-valuation\/#primaryimage\",\"url\":\"https:\/\/elmaspatent.com\/wp-content\/uploads\/2025\/09\/marka-degerleme.jpg\",\"contentUrl\":\"https:\/\/elmaspatent.com\/wp-content\/uploads\/2025\/09\/marka-degerleme.jpg\",\"width\":1550,\"height\":900},{\"@type\":\"BreadcrumbList\",\"@id\":\"https:\/\/elmaspatent.com\/en\/hizmet\/trademark-valuation\/#breadcrumb\",\"itemListElement\":[{\"@type\":\"ListItem\",\"position\":1,\"name\":\"Anasayfa\",\"item\":\"https:\/\/elmaspatent.com\/en\/\"},{\"@type\":\"ListItem\",\"position\":2,\"name\":\"Trademark Valuation\"}]},{\"@type\":\"WebSite\",\"@id\":\"https:\/\/elmaspatent.com\/en\/#website\",\"url\":\"https:\/\/elmaspatent.com\/en\/\",\"name\":\"Elmas Patent\",\"description\":\"\",\"potentialAction\":[{\"@type\":\"SearchAction\",\"target\":{\"@type\":\"EntryPoint\",\"urlTemplate\":\"https:\/\/elmaspatent.com\/en\/?s={search_term_string}\"},\"query-input\":{\"@type\":\"PropertyValueSpecification\",\"valueRequired\":true,\"valueName\":\"search_term_string\"}}],\"inLanguage\":\"en-US\"}]}<\/script>\n<!-- \/ Yoast SEO plugin. -->","yoast_head_json":{"title":"Trademark Valuation - Elmas Patent","robots":{"index":"index","follow":"follow","max-snippet":"max-snippet:-1","max-image-preview":"max-image-preview:large","max-video-preview":"max-video-preview:-1"},"canonical":"https:\/\/elmaspatent.com\/en\/hizmet\/trademark-valuation\/","og_locale":"en_US","og_type":"article","og_title":"Trademark Valuation - Elmas Patent","og_description":"Marka De\u011ferleme Marka De\u011ferleme Hizmetleri Marka de\u011ferleme, kurulu\u015flar taraf\u0131ndan s\u0131k\u00e7a tercih edilen ve markalar\u0131n de\u011ferlerinin saptanmas\u0131n\u0131 hedefleyen bir dizi i\u015flemin genel ad\u0131d\u0131r. Zaman ge\u00e7tik\u00e7e markalar\u0131n de\u011ferleri de\u011fi\u015fir ve kimi zaman da kimli\u011fini olu\u015fturdu\u011fu kurulu\u015ftan \u00e7ok daha b\u00fcy\u00fck maddi de\u011fere sahip olabilir. Marka De\u011ferleme Neden Yapt\u0131r\u0131l\u0131r? Marka de\u011ferleme\u00a0hizmetlerinin yapt\u0131r\u0131lmas\u0131n\u0131n bir\u00e7ok nedeni olabilir. Kurulu\u015flar marka de\u011ferleri hakk\u0131nda...","og_url":"https:\/\/elmaspatent.com\/en\/hizmet\/trademark-valuation\/","og_site_name":"Elmas Patent","og_image":[{"width":1550,"height":900,"url":"https:\/\/elmaspatent.com\/wp-content\/uploads\/2025\/09\/marka-degerleme.jpg","type":"image\/jpeg"}],"twitter_card":"summary_large_image","twitter_misc":{"Est. reading time":"3 minutes"},"schema":{"@context":"https:\/\/schema.org","@graph":[{"@type":"WebPage","@id":"https:\/\/elmaspatent.com\/en\/hizmet\/trademark-valuation\/","url":"https:\/\/elmaspatent.com\/en\/hizmet\/trademark-valuation\/","name":"Trademark Valuation - Elmas Patent","isPartOf":{"@id":"https:\/\/elmaspatent.com\/en\/#website"},"primaryImageOfPage":{"@id":"https:\/\/elmaspatent.com\/en\/hizmet\/trademark-valuation\/#primaryimage"},"image":{"@id":"https:\/\/elmaspatent.com\/en\/hizmet\/trademark-valuation\/#primaryimage"},"thumbnailUrl":"https:\/\/elmaspatent.com\/wp-content\/uploads\/2025\/09\/marka-degerleme.jpg","datePublished":"2025-09-08T13:57:30+00:00","breadcrumb":{"@id":"https:\/\/elmaspatent.com\/en\/hizmet\/trademark-valuation\/#breadcrumb"},"inLanguage":"en-US","potentialAction":[{"@type":"ReadAction","target":["https:\/\/elmaspatent.com\/en\/hizmet\/trademark-valuation\/"]}]},{"@type":"ImageObject","inLanguage":"en-US","@id":"https:\/\/elmaspatent.com\/en\/hizmet\/trademark-valuation\/#primaryimage","url":"https:\/\/elmaspatent.com\/wp-content\/uploads\/2025\/09\/marka-degerleme.jpg","contentUrl":"https:\/\/elmaspatent.com\/wp-content\/uploads\/2025\/09\/marka-degerleme.jpg","width":1550,"height":900},{"@type":"BreadcrumbList","@id":"https:\/\/elmaspatent.com\/en\/hizmet\/trademark-valuation\/#breadcrumb","itemListElement":[{"@type":"ListItem","position":1,"name":"Anasayfa","item":"https:\/\/elmaspatent.com\/en\/"},{"@type":"ListItem","position":2,"name":"Trademark Valuation"}]},{"@type":"WebSite","@id":"https:\/\/elmaspatent.com\/en\/#website","url":"https:\/\/elmaspatent.com\/en\/","name":"Elmas Patent","description":"","potentialAction":[{"@type":"SearchAction","target":{"@type":"EntryPoint","urlTemplate":"https:\/\/elmaspatent.com\/en\/?s={search_term_string}"},"query-input":{"@type":"PropertyValueSpecification","valueRequired":true,"valueName":"search_term_string"}}],"inLanguage":"en-US"}]}},"_links":{"self":[{"href":"https:\/\/elmaspatent.com\/en\/wp-json\/wp\/v2\/hizmet\/7899","targetHints":{"allow":["GET"]}}],"collection":[{"href":"https:\/\/elmaspatent.com\/en\/wp-json\/wp\/v2\/hizmet"}],"about":[{"href":"https:\/\/elmaspatent.com\/en\/wp-json\/wp\/v2\/types\/hizmet"}],"wp:featuredmedia":[{"embeddable":true,"href":"https:\/\/elmaspatent.com\/en\/wp-json\/wp\/v2\/media\/7188"}],"wp:attachment":[{"href":"https:\/\/elmaspatent.com\/en\/wp-json\/wp\/v2\/media?parent=7899"}],"wp:term":[{"taxonomy":"hizmet-kategori","embeddable":true,"href":"https:\/\/elmaspatent.com\/en\/wp-json\/wp\/v2\/hizmet-kategori?post=7899"}],"curies":[{"name":"wp","href":"https:\/\/api.w.org\/{rel}","templated":true}]}}